{"version":"1.0","provider_name":"","provider_url":"http:\/\/kerbgemeinschaft.de\/wp","author_name":"wpadmin","author_url":"http:\/\/kerbgemeinschaft.de\/wp\/author\/wpadmin\/","title":"Es wurde gew\u00e4hlt -","type":"rich","width":600,"height":338,"html":"<blockquote class=\"wp-embedded-content\" data-secret=\"SXT7GbuBVd\"><a href=\"http:\/\/kerbgemeinschaft.de\/wp\/2009\/11\/02\/es-wurde-gewahlt\/\">Es wurde gew\u00e4hlt<\/a><\/blockquote><iframe sandbox=\"allow-scripts\" security=\"restricted\" src=\"http:\/\/kerbgemeinschaft.de\/wp\/2009\/11\/02\/es-wurde-gewahlt\/embed\/#?secret=SXT7GbuBVd\" width=\"600\" height=\"338\" title=\"&#8222;Es wurde gew\u00e4hlt&#8220; &#8211; \" data-secret=\"SXT7GbuBVd\" frameborder=\"0\" marginwidth=\"0\" marginheight=\"0\" scrolling=\"no\" class=\"wp-embedded-content\"><\/iframe><script>\n\/*! This file is auto-generated *\/\n!function(d,l){\"use strict\";l.querySelector&&d.addEventListener&&\"undefined\"!=typeof URL&&(d.wp=d.wp||{},d.wp.receiveEmbedMessage||(d.wp.receiveEmbedMessage=function(e){var t=e.data;if((t||t.secret||t.message||t.value)&&!\/[^a-zA-Z0-9]\/.test(t.secret)){for(var s,r,n,a=l.querySelectorAll('iframe[data-secret=\"'+t.secret+'\"]'),o=l.querySelectorAll('blockquote[data-secret=\"'+t.secret+'\"]'),c=new RegExp(\"^https?:$\",\"i\"),i=0;i<o.length;i++)o[i].style.display=\"none\";for(i=0;i<a.length;i++)s=a[i],e.source===s.contentWindow&&(s.removeAttribute(\"style\"),\"height\"===t.message?(1e3<(r=parseInt(t.value,10))?r=1e3:~~r<200&&(r=200),s.height=r):\"link\"===t.message&&(r=new URL(s.getAttribute(\"src\")),n=new URL(t.value),c.test(n.protocol))&&n.host===r.host&&l.activeElement===s&&(d.top.location.href=t.value))}},d.addEventListener(\"message\",d.wp.receiveEmbedMessage,!1),l.addEventListener(\"DOMContentLoaded\",function(){for(var e,t,s=l.querySelectorAll(\"iframe.wp-embedded-content\"),r=0;r<s.length;r++)(t=(e=s[r]).getAttribute(\"data-secret\"))||(t=Math.random().toString(36).substring(2,12),e.src+=\"#?secret=\"+t,e.setAttribute(\"data-secret\",t)),e.contentWindow.postMessage({message:\"ready\",secret:t},\"*\")},!1)))}(window,document);\n\/\/# sourceURL=http:\/\/kerbgemeinschaft.de\/wp\/wp-includes\/js\/wp-embed.min.js\n<\/script>\n","description":"Am 23.10. fand die Jahreshauptversammlung der Kerbgemeinschaft statt. Es gab einen R\u00fcckblick auf die Kerb 2009 und das Jubil\u00e4umsjahr, sowie eine Vorschau darauf das was der Rest des Jahres noch bereit h\u00e4lt. Und es wurde auch ein neuer Vorstand gew\u00e4hlt,&hellip; Continue reading &rarr;","thumbnail_url":"http:\/\/kerbgemeinschaft.de\/wp\/wp-content\/uploads\/2009\/11\/ekg2009.jpg?w=300"}